{"id":17254,"date":"2023-11-04T09:23:31","date_gmt":"2023-11-04T09:23:31","guid":{"rendered":"https:\/\/ghatapartments.com\/politica-de-privadesa-i-cookies\/"},"modified":"2024-02-01T17:47:35","modified_gmt":"2024-02-01T17:47:35","slug":"politica-de-privadesa-i-cookies","status":"publish","type":"page","link":"https:\/\/ghatapartments.com\/ca\/politica-de-privadesa-i-cookies\/","title":{"rendered":"Pol\u00edtica de privadesa i cookies"},"content":{"rendered":"[vc_row type=&#8221;in_container&#8221; full_screen_row_position=&#8221;middle&#8221; column_margin=&#8221;default&#8221; column_direction=&#8221;default&#8221; column_direction_tablet=&#8221;default&#8221; column_direction_phone=&#8221;default&#8221; scene_position=&#8221;center&#8221; text_color=&#8221;dark&#8221; text_align=&#8221;left&#8221; row_border_radius=&#8221;none&#8221; row_border_radius_applies=&#8221;bg&#8221; overflow=&#8221;visible&#8221; overlay_strength=&#8221;0.3&#8243; gradient_direction=&#8221;left_to_right&#8221; shape_divider_position=&#8221;bottom&#8221; bg_image_animation=&#8221;none&#8221;][vc_column column_padding=&#8221;no-extra-padding&#8221; column_padding_tablet=&#8221;inherit&#8221; column_padding_phone=&#8221;inherit&#8221; column_padding_position=&#8221;all&#8221; column_element_direction_desktop=&#8221;default&#8221; column_element_spacing=&#8221;default&#8221; desktop_text_alignment=&#8221;default&#8221; tablet_text_alignment=&#8221;default&#8221; phone_text_alignment=&#8221;default&#8221; background_color_opacity=&#8221;1&#8243; background_hover_color_opacity=&#8221;1&#8243; column_backdrop_filter=&#8221;none&#8221; column_shadow=&#8221;none&#8221; column_border_radius=&#8221;none&#8221; column_link_target=&#8221;_self&#8221; column_position=&#8221;default&#8221; gradient_direction=&#8221;left_to_right&#8221; overlay_strength=&#8221;0.3&#8243; width=&#8221;1\/1&#8243; tablet_width_inherit=&#8221;default&#8221; animation_type=&#8221;default&#8221; bg_image_animation=&#8221;none&#8221; border_type=&#8221;simple&#8221; column_border_width=&#8221;none&#8221; column_border_style=&#8221;solid&#8221;][vc_column_text css=&#8221;.vc_custom_1456420948972{padding-bottom: 25px !important;}&#8221;]\n<h3>Av\u00eds legal<\/h3>\n[\/vc_column_text][vc_column_text]\n<p><strong>Companyia:<\/strong> Grup Claris 2008 SL<br \/>\n<strong>Domicili:<\/strong> Carrer Portal Nou 31, Barcelona<br \/>\n<strong>CIF:<\/strong> B66330473<br \/>\n<strong>e-Mail:<\/strong> info@ghatapartments.com<\/p>\n[\/vc_column_text][divider line_type=&#8221;Full Width Line&#8221; line_thickness=&#8221;1&#8243; divider_color=&#8221;default&#8221; custom_height=&#8221;40&#8243;][vc_column_text]\n<h4><strong>Objecte<\/strong><\/h4>\n<p>Grup Claris 2008 SL, responsable del lloc web, posa a disposici\u00f3 dels usuaris aquest document amb qu\u00e8 pret\u00e9n donar compliment a les obligacions disposades a la Llei 34\/2002, de Serveis de la Societat de la Informaci\u00f3 i del Comer\u00e7 Electr\u00f2nic (LSSI -CE), aix\u00ed com informar tots els usuaris del lloc web respecte a quines s\u00f3n les condicions d\u00fas del lloc web.<\/p>\n<p>Tota persona que accedeixi a aquest lloc web assumeix el paper d&#8217;usuari, comprometent-se a l&#8217;observan\u00e7a i el compliment rigor\u00f3s de les disposicions aqu\u00ed disposades, aix\u00ed com a qualsevol altra disposici\u00f3 legal que fos aplicable.<\/p>\n<p>Grup Claris 2008 SL es reserva el dret a modificar qualsevol tipus d&#8217;informaci\u00f3 que pogu\u00e9s apar\u00e8ixer al lloc web, sense que hi hagi obligaci\u00f3 de preavisar o posar en coneixement dels usuaris aquestes obligacions, entenent-se com suficient amb la publicaci\u00f3 al lloc web de Grup Claris 2008 SL.[\/vc_column_text][divider line_type=&#8221;Full Width Line&#8221; line_thickness=&#8221;1&#8243; divider_color=&#8221;default&#8221; custom_height=&#8221;40&#8243;][vc_column_text]\n<h3>Cookies<\/h3>\n<p><strong>Responsabilitat<\/strong><\/p>\n<p>Grup Claris 2008 SL s&#8217;eximeix de qualsevol tipus de responsabilitat derivada de la informaci\u00f3 publicada al vostre lloc web, sempre que aquesta informaci\u00f3 hagi estat manipulada o introdu\u00efda per un tercer ali\u00e8 al mateix.<\/p>\n<p>El lloc web de Grup Claris 2008 SL pot utilitzar cookies (petits fitxers d&#8217;informaci\u00f3 que el servidor envia a l&#8217;ordinador de qui accedeix a la p\u00e0gina) per dur a terme determinades funcions que s\u00f3n considerades imprescindibles per al correcte funcionament i visualitzaci\u00f3 del lloc. Les galetes utilitzades al lloc web tenen, en tot cas, car\u00e0cter temporal amb l&#8217;\u00fanica finalitat de fer m\u00e9s efica\u00e7 la seva transmissi\u00f3 ulterior i desapareixen en acabar la sessi\u00f3 de l&#8217;usuari. En cap cas no s&#8217;utilitzaran les cookies per recollir informaci\u00f3 de car\u00e0cter personal.<\/p>\n<p>Des del lloc web del client \u00e9s possible que es redirigeixi a continguts de tercers llocs web. At\u00e8s que Grup Claris 2008 SL no pot controlar sempre els continguts introdu\u00efts pels tercers als seus llocs web, aquest no assumeix cap mena de responsabilitat respecte a aquests continguts. En tot cas, Grup Claris 2008 SL manifesta que procedir\u00e0 a la retirada immediata de qualsevol contingut que pogu\u00e9s contravenir la legislaci\u00f3 nacional o internacional, la moral o l&#8217;ordre p\u00fablic, procedint a la retirada immediata de la redirecci\u00f3 a aquest lloc web, posant en coneixement de les autoritats competents el contingut en q\u00fcesti\u00f3.<\/p>\n<p>Grup Claris 2008 SL no es fa responsable de la informaci\u00f3 i continguts emmagatzemats, a t\u00edtol enunciatiu per\u00f2 no limitatiu, en f\u00f2rums, xats, generadors de blocs, comentaris, xarxes socials o qualsevol altre mitj\u00e0 que permeti a tercers publicar continguts de forma independent a la p\u00e0gina web de Grup Claris 2008 SL. No obstant aix\u00f2 i en compliment del que disposa l&#8217;art. 11 i 16 de la LSSI-CE, Grup Claris 2008 SL es posa a disposici\u00f3 de tots els usuaris, autoritats i forces de seguretat, i col\u00b7laborant de forma activa en la retirada o si \u00e9s el cas bloqueig de tots aquells continguts que poguessin afectar o contravenir la legislaci\u00f3 nacional, o internacional, drets de tercers o la moral i lordre p\u00fablic. En cas que l&#8217;usuari consideri que hi ha al lloc web algun contingut que pogu\u00e9s ser susceptible d&#8217;aquesta classificaci\u00f3, es prega que ho notifiqui de manera immediata a l&#8217;administrador del lloc web.<\/p>\n<p>Aquest lloc web ha estat revisat i provat perqu\u00e8 funcioni correctament. En principi, es pot garantir el funcionament correcte els 365 dies de l&#8217;any, 24 hores al dia. Tot i aix\u00f2, Grup Claris 2008 SL no descarta la possibilitat que hi hagi certs errors de programaci\u00f3, o que esdevinguin causes de for\u00e7a major, cat\u00e0strofes naturals, vagues, o circumst\u00e0ncies semblants que facin impossible l&#8217;acc\u00e9s a la p\u00e0gina web.<\/p>\n<h3><\/h3>\n[\/vc_column_text][divider line_type=&#8221;Full Width Line&#8221; line_thickness=&#8221;1&#8243; divider_color=&#8221;default&#8221; custom_height=&#8221;40&#8243;][vc_column_text]\n<h3><strong>Privadesa<\/strong><\/h3>\n<p><strong>Protecci\u00f3 de dades personals<\/strong><\/p>\n<p>Grup Claris 2008 SL est\u00e0 profundament comprom\u00e8s amb el compliment de la normativa espanyola de protecci\u00f3 de dades de car\u00e0cter personal, i garanteix el compliment \u00edntegre de les obligacions disposades, aix\u00ed com la implementaci\u00f3 de les mesures de seguretat disposades a l&#8217;art. 9 de la Llei 15\/1999, de Protecci\u00f3 de Dades de Car\u00e0cter Personal (LOPD) i al Reglament de Desenvolupament de la LOPD.<\/p>\n<p class=\"p2\">Grup Claris 2008 SL informa els usuaris del lloc web sobre la seva pol\u00edtica respecte del tractament i protecci\u00f3 de les dades de car\u00e0cter personal dels usuaris i clients que puguin ser demanats per la navegaci\u00f3 o contractaci\u00f3 de serveis a trav\u00e9s del seu lloc web.<\/p>\n<p class=\"p3\">En aquest sentit, Grup Claris 2008 SL<b> <\/b>garanteix el compliment de la normativa vigent en mat\u00e8ria de protecci\u00f3 de dades personals, reflectida a la Llei Org\u00e0nica 15\/1999 de 13 de desembre, de Protecci\u00f3 de Dades de Car\u00e0cter Personal i al Reial Decret 1720\/2007, de 21 desembre, pel que saprova el Reglament de Desenvolupament de la LOPD.<\/p>\n<p class=\"p3\">L\u00b4\u00fas d\u00b4aquest web implica l\u00b4acceptaci\u00f3 d\u00b4aquesta pol\u00edtica de privadesa.<\/p>\n[\/vc_column_text][divider line_type=&#8221;Full Width Line&#8221; line_thickness=&#8221;1&#8243; divider_color=&#8221;default&#8221; custom_height=&#8221;40&#8243;][vc_column_text]\n<p class=\"p3\"><b>Recollida, finalitat i tractaments de dades<\/b><\/p>\n<p class=\"p3\">Grup Claris 2008 SL t\u00e9 el deure d&#8217;informar els usuaris del seu lloc web sobre la recollida de dades de car\u00e0cter personal que es poden dur a terme, ja sigui mitjan\u00e7ant l&#8217;enviament de correu electr\u00f2nic o en emplenar els formularis inclosos al lloc web. En aquest sentit, Grup Claris 2008 SL<b> <\/b>ser\u00e0 considerada com a responsable de les dades recollides mitjan\u00e7ant els mitjans anteriorment descrits.<\/p>\n<p class=\"p3\">Alhora Grup Claris 2008 SL informa els usuaris que la finalitat del tractament de les dades recollides contempla: L&#8217;atenci\u00f3 de sol\u00b7licituds realitzades pels usuaris, la inclusi\u00f3 a l&#8217;agenda de contactes, la prestaci\u00f3 de serveis, la gesti\u00f3 de la relaci\u00f3 comercial i l&#8217;enviament de comunicats propis de Grup Claris 2008 SL i dels seus clients.<\/p>\n<p class=\"p3\">Les operacions, gestions i procediments t\u00e8cnics que es realitzin de forma automatitzada o no automatitzada i que possibilitin la recollida, emmagatzematge, modificaci\u00f3, transfer\u00e8ncia i altres accions sobre dades de car\u00e0cter personal, tenen la consideraci\u00f3 de tractament de dades personals.<\/p>\n<p class=\"p3\">Totes les dades personals, que siguin recollides a trav\u00e9s del lloc web de Grup Claris 2008 SL, i per tant tingui la consideraci\u00f3 de tractament de dades de car\u00e0cter personal, seran incorporades als fitxers declarats per Grup Claris 2008 SL.<\/p>\n[\/vc_column_text][divider line_type=&#8221;Full Width Line&#8221; line_thickness=&#8221;1&#8243; divider_color=&#8221;default&#8221; custom_height=&#8221;40&#8243;][vc_column_text]\n<p class=\"p3\"><b>Comunicaci\u00f3 d&#8217;informaci\u00f3 a tercers  <\/b><\/p>\n<p class=\"p3\">Grup Claris 2008 SL informa els usuaris que les seves dades personals no seran cedides a terceres organitzacions, llevat que aquesta cessi\u00f3 de dades estigui emparada en una obligaci\u00f3 legal o quan la prestaci\u00f3 d&#8217;un servei impliqui la necessitat d&#8217;una relaci\u00f3 contractual amb un encarregat de tractament. En aquest darrer cas, nom\u00e9s es dur\u00e0 a terme la cessi\u00f3 de dades al tercer quan Grup Claris 2008 SL<b> <\/b>disposeu del consentiment expr\u00e9s de l&#8217;usuari.<\/p>\n[\/vc_column_text][divider line_type=&#8221;Full Width Line&#8221; line_thickness=&#8221;1&#8243; divider_color=&#8221;default&#8221; custom_height=&#8221;40&#8243;][vc_column_text]\n<p class=\"p3\"><b>Drets dels usuaris  <\/b><\/p>\n<p class=\"p3\">La Llei org\u00e0nica 15\/1999, de 13 de desembre, de protecci\u00f3 de dades de car\u00e0cter personal concedeix als interessats la possibilitat d&#8217;exercir una s\u00e8rie de drets relacionats amb el tractament de les dades personals.<\/p>\n<p class=\"p3\">Mentre les dades de l&#8217;usuari s\u00f3n objecte de tractament per part de Grup Claris 2008 SL. Els usuaris podran exercir els drets d&#8217;acc\u00e9s, rectificaci\u00f3, cancel\u00b7laci\u00f3 i oposici\u00f3 d&#8217;acord amb all\u00f2 previst a la normativa legal vigent en mat\u00e8ria de protecci\u00f3 de dades personals.<\/p>\n<p class=\"p3\">Per fer \u00fas de lexercici daquests drets, lusuari haur\u00e0 de dirigir-se mitjan\u00e7ant comunicaci\u00f3 escrita, aportant documentaci\u00f3 que acrediti la seva identitat (DNI o passaport), a Grup Claris 2008 SL.<b> <\/b>Aquesta comunicaci\u00f3 ha de reflectir la informaci\u00f3 seg\u00fcent: Nom i cognoms de l&#8217;usuari, la petici\u00f3 de sol\u00b7licitud, el domicili i les dades acreditatives.<\/p>\n<p class=\"p3\">L&#8217;exercici de drets l&#8217;ha de fer el mateix usuari. Aix\u00f2 no obstant, poden ser executats per una persona autoritzada com a representant legal de l&#8217;autoritzat. En aquest cas, cal aportar la documentaci\u00f3 que acrediti aquesta representaci\u00f3 de linteressat.<\/p>\n[\/vc_column_text][divider line_type=&#8221;Full Width Line&#8221; line_thickness=&#8221;1&#8243; divider_color=&#8221;default&#8221; custom_height=&#8221;40&#8243;][vc_column_text]\n<h3 class=\"p3\">Propietat intel\u00b7lectual<\/h3>\n<p><strong>Propietat intel\u00b7lectual i industrial<\/strong><\/p>\n<p>El lloc web, incloent a t\u00edtol enunciatiu per\u00f2 no limitatiu la seva programaci\u00f3, edici\u00f3, compilaci\u00f3 i altres elements necessaris per al seu funcionament, els dissenys, logotips, text i\/o gr\u00e0fics s\u00f3n propietat de Grup Claris 2008 SL o si escau disposa de llic\u00e8ncia o autoritzaci\u00f3 expressa per part dels autors. Tots els continguts del lloc web es troben degudament protegits per la normativa de propietat intel\u00b7lectual i industrial, aix\u00ed com inscrits als registres p\u00fablics corresponents.<\/p>\n<p>Independentment de la finalitat per a la qual fossin destinats, la reproducci\u00f3 total o parcial, \u00fas, explotaci\u00f3, distribuci\u00f3 i comercialitzaci\u00f3 requereix en tot cas l&#8217;autoritzaci\u00f3 escrita pr\u00e8via per part de Grup Claris 2008 SL. Qualsevol \u00fas no autoritzat pr\u00e8viament per part del Grup Claris 2008 SL ser\u00e0 considerat un incompliment greu dels drets de propietat intel\u00b7lectual o industrial de l&#8217;autor.<\/p>\n<p>Els dissenys, logotips, text i\/o gr\u00e0fics aliens a Grup Claris 2008 SL i que poguessin apar\u00e8ixer al lloc web, pertanyen als seus respectius propietaris, sent ells mateixos responsables de qualsevol possible controv\u00e8rsia que pogu\u00e9s suscitar-se respecte a aquests. En tot cas, Grup Claris 2008 SL compta amb lautoritzaci\u00f3 expressa i pr\u00e8via per part dels mateixos.<\/p>\n<p>Grup Claris 2008 SL autoritza expressament que tercers puguin redirigir directament als continguts concrets del lloc web, havent de redirigir en tot cas al lloc web principal de Grup Claris 2008 SL.<\/p>\n<p>Grup Claris 2008 SL reconeix a favor dels seus titulars els corresponents drets de propietat industrial i intel\u00b7lectual, no implicant la seva sola menci\u00f3 o aparici\u00f3 al lloc web l&#8217;exist\u00e8ncia de drets o responsabilitat alguna de Grup Claris 2008 SL sobre aquests, com tampoc recolzament, patrocini o recomanaci\u00f3 per part del mateix.<\/p>\n<p>Per realitzar qualsevol tipus d&#8217;observaci\u00f3 respecte a possibles incompliments dels drets de propietat intel\u00b7lectual o industrial, aix\u00ed com sobre qualsevol dels continguts del lloc web, ho podeu fer a trav\u00e9s del seg\u00fcent correu electr\u00f2nic: admin@evinsights.co.[\/vc_column_text][divider line_type=&#8221;Full Width Line&#8221; line_thickness=&#8221;1&#8243; divider_color=&#8221;default&#8221; custom_height=&#8221;40&#8243;][vc_column_text]\n<p><strong>Llei aplicable i jurisdicci\u00f3<\/strong><\/p>\n<p>Per a la resoluci\u00f3 de totes les controv\u00e8rsies o q\u00fcestions relacionades amb el present lloc web o de les activitats que s&#8217;hi desenvolupin, ser\u00e0 aplicable la legislaci\u00f3 espanyola, a la qual se sotmeten expressament les parts, sent competents per a la resoluci\u00f3 de tots els conflictes derivats o relacionats amb l&#8217;\u00fas dels Jutjats i Tribunals de Barcelona.<\/p>\n[\/vc_column_text][\/vc_column][\/vc_row]\n","protected":false},"excerpt":{"rendered":"<p>[vc_row type=&#8221;in_container&#8221; full_screen_row_position=&#8221;middle&#8221; column_margin=&#8221;default&#8221; column_direction=&#8221;default&#8221; column_direction_tablet=&#8221;default&#8221; column_direction_phone=&#8221;default&#8221; scene_position=&#8221;center&#8221; text_color=&#8221;dark&#8221; text_align=&#8221;left&#8221; row_border_radius=&#8221;none&#8221; row_border_radius_applies=&#8221;bg&#8221; overflow=&#8221;visible&#8221; overlay_strength=&#8221;0.3&#8243; gradient_direction=&#8221;left_to_right&#8221; shape_divider_position=&#8221;bottom&#8221; bg_image_animation=&#8221;none&#8221;][vc_column column_padding=&#8221;no-extra-padding&#8221;&#8230;<\/p>\n","protected":false},"author":1,"featured_media":0,"parent":0,"menu_order":0,"comment_status":"closed","ping_status":"open","template":"","meta":{"_joinchat":[],"footnotes":""},"class_list":["post-17254","page","type-page","status-publish"],"yoast_head":"<!-- This site is optimized with the Yoast SEO Premium plugin v23.5 (Yoast SEO v27.2) - https:\/\/yoast.com\/product\/yoast-seo-premium-wordpress\/ -->\n<title>Pol\u00edtica de privadesa i cookies - Ghat Apartments<\/title>\n<meta name=\"robots\" content=\"index, follow, max-snippet:-1, max-image-preview:large, max-video-preview:-1\" \/>\n<link rel=\"canonical\" href=\"https:\/\/ghatapartments.com\/ca\/politica-de-privadesa-i-cookies\/\" \/>\n<meta property=\"og:locale\" content=\"ca_ES\" \/>\n<meta property=\"og:type\" content=\"article\" \/>\n<meta property=\"og:title\" content=\"Pol\u00edtica de privadesa i cookies\" \/>\n<meta property=\"og:description\" content=\"[vc_row type=&#8221;in_container&#8221; full_screen_row_position=&#8221;middle&#8221; column_margin=&#8221;default&#8221; column_direction=&#8221;default&#8221; column_direction_tablet=&#8221;default&#8221; column_direction_phone=&#8221;default&#8221; scene_position=&#8221;center&#8221; text_color=&#8221;dark&#8221; text_align=&#8221;left&#8221; row_border_radius=&#8221;none&#8221; row_border_radius_applies=&#8221;bg&#8221; overflow=&#8221;visible&#8221; overlay_strength=&#8221;0.3&#8243; gradient_direction=&#8221;left_to_right&#8221; shape_divider_position=&#8221;bottom&#8221; bg_image_animation=&#8221;none&#8221;][vc_column column_padding=&#8221;no-extra-padding&#8221;...\" \/>\n<meta property=\"og:url\" content=\"https:\/\/ghatapartments.com\/ca\/politica-de-privadesa-i-cookies\/\" \/>\n<meta property=\"og:site_name\" content=\"Ghat Apartments\" \/>\n<meta property=\"article:modified_time\" content=\"2024-02-01T17:47:35+00:00\" \/>\n<meta name=\"twitter:card\" content=\"summary_large_image\" \/>\n<meta name=\"twitter:label1\" content=\"Temps estimat de lectura\" \/>\n\t<meta name=\"twitter:data1\" content=\"10 minuts\" \/>\n<script type=\"application\/ld+json\" class=\"yoast-schema-graph\">{\"@context\":\"https:\/\/schema.org\",\"@graph\":[{\"@type\":\"WebPage\",\"@id\":\"https:\/\/ghatapartments.com\/ca\/politica-de-privadesa-i-cookies\/\",\"url\":\"https:\/\/ghatapartments.com\/ca\/politica-de-privadesa-i-cookies\/\",\"name\":\"Pol\u00edtica de privadesa i cookies - Ghat Apartments\",\"isPartOf\":{\"@id\":\"https:\/\/ghatapartments.com\/ca\/#website\"},\"datePublished\":\"2023-11-04T09:23:31+00:00\",\"dateModified\":\"2024-02-01T17:47:35+00:00\",\"breadcrumb\":{\"@id\":\"https:\/\/ghatapartments.com\/ca\/politica-de-privadesa-i-cookies\/#breadcrumb\"},\"inLanguage\":\"ca\",\"potentialAction\":[{\"@type\":\"ReadAction\",\"target\":[\"https:\/\/ghatapartments.com\/ca\/politica-de-privadesa-i-cookies\/\"]}]},{\"@type\":\"BreadcrumbList\",\"@id\":\"https:\/\/ghatapartments.com\/ca\/politica-de-privadesa-i-cookies\/#breadcrumb\",\"itemListElement\":[{\"@type\":\"ListItem\",\"position\":1,\"name\":\"Portada\",\"item\":\"https:\/\/ghatapartments.com\/ca\/\"},{\"@type\":\"ListItem\",\"position\":2,\"name\":\"Pol\u00edtica de privadesa i cookies\"}]},{\"@type\":\"WebSite\",\"@id\":\"https:\/\/ghatapartments.com\/ca\/#website\",\"url\":\"https:\/\/ghatapartments.com\/ca\/\",\"name\":\"Ghat Apartments\",\"description\":\"\",\"potentialAction\":[{\"@type\":\"SearchAction\",\"target\":{\"@type\":\"EntryPoint\",\"urlTemplate\":\"https:\/\/ghatapartments.com\/ca\/?s={search_term_string}\"},\"query-input\":{\"@type\":\"PropertyValueSpecification\",\"valueRequired\":true,\"valueName\":\"search_term_string\"}}],\"inLanguage\":\"ca\"}]}<\/script>\n<!-- \/ Yoast SEO Premium plugin. -->","yoast_head_json":{"title":"Pol\u00edtica de privadesa i cookies - Ghat Apartments","robots":{"index":"index","follow":"follow","max-snippet":"max-snippet:-1","max-image-preview":"max-image-preview:large","max-video-preview":"max-video-preview:-1"},"canonical":"https:\/\/ghatapartments.com\/ca\/politica-de-privadesa-i-cookies\/","og_locale":"ca_ES","og_type":"article","og_title":"Pol\u00edtica de privadesa i cookies","og_description":"[vc_row type=&#8221;in_container&#8221; full_screen_row_position=&#8221;middle&#8221; column_margin=&#8221;default&#8221; column_direction=&#8221;default&#8221; column_direction_tablet=&#8221;default&#8221; column_direction_phone=&#8221;default&#8221; scene_position=&#8221;center&#8221; text_color=&#8221;dark&#8221; text_align=&#8221;left&#8221; row_border_radius=&#8221;none&#8221; row_border_radius_applies=&#8221;bg&#8221; overflow=&#8221;visible&#8221; overlay_strength=&#8221;0.3&#8243; gradient_direction=&#8221;left_to_right&#8221; shape_divider_position=&#8221;bottom&#8221; bg_image_animation=&#8221;none&#8221;][vc_column column_padding=&#8221;no-extra-padding&#8221;...","og_url":"https:\/\/ghatapartments.com\/ca\/politica-de-privadesa-i-cookies\/","og_site_name":"Ghat Apartments","article_modified_time":"2024-02-01T17:47:35+00:00","twitter_card":"summary_large_image","twitter_misc":{"Temps estimat de lectura":"10 minuts"},"schema":{"@context":"https:\/\/schema.org","@graph":[{"@type":"WebPage","@id":"https:\/\/ghatapartments.com\/ca\/politica-de-privadesa-i-cookies\/","url":"https:\/\/ghatapartments.com\/ca\/politica-de-privadesa-i-cookies\/","name":"Pol\u00edtica de privadesa i cookies - Ghat Apartments","isPartOf":{"@id":"https:\/\/ghatapartments.com\/ca\/#website"},"datePublished":"2023-11-04T09:23:31+00:00","dateModified":"2024-02-01T17:47:35+00:00","breadcrumb":{"@id":"https:\/\/ghatapartments.com\/ca\/politica-de-privadesa-i-cookies\/#breadcrumb"},"inLanguage":"ca","potentialAction":[{"@type":"ReadAction","target":["https:\/\/ghatapartments.com\/ca\/politica-de-privadesa-i-cookies\/"]}]},{"@type":"BreadcrumbList","@id":"https:\/\/ghatapartments.com\/ca\/politica-de-privadesa-i-cookies\/#breadcrumb","itemListElement":[{"@type":"ListItem","position":1,"name":"Portada","item":"https:\/\/ghatapartments.com\/ca\/"},{"@type":"ListItem","position":2,"name":"Pol\u00edtica de privadesa i cookies"}]},{"@type":"WebSite","@id":"https:\/\/ghatapartments.com\/ca\/#website","url":"https:\/\/ghatapartments.com\/ca\/","name":"Ghat Apartments","description":"","potentialAction":[{"@type":"SearchAction","target":{"@type":"EntryPoint","urlTemplate":"https:\/\/ghatapartments.com\/ca\/?s={search_term_string}"},"query-input":{"@type":"PropertyValueSpecification","valueRequired":true,"valueName":"search_term_string"}}],"inLanguage":"ca"}]}},"_links":{"self":[{"href":"https:\/\/ghatapartments.com\/ca\/wp-json\/wp\/v2\/pages\/17254","targetHints":{"allow":["GET"]}}],"collection":[{"href":"https:\/\/ghatapartments.com\/ca\/wp-json\/wp\/v2\/pages"}],"about":[{"href":"https:\/\/ghatapartments.com\/ca\/wp-json\/wp\/v2\/types\/page"}],"author":[{"embeddable":true,"href":"https:\/\/ghatapartments.com\/ca\/wp-json\/wp\/v2\/users\/1"}],"replies":[{"embeddable":true,"href":"https:\/\/ghatapartments.com\/ca\/wp-json\/wp\/v2\/comments?post=17254"}],"version-history":[{"count":13,"href":"https:\/\/ghatapartments.com\/ca\/wp-json\/wp\/v2\/pages\/17254\/revisions"}],"predecessor-version":[{"id":17320,"href":"https:\/\/ghatapartments.com\/ca\/wp-json\/wp\/v2\/pages\/17254\/revisions\/17320"}],"wp:attachment":[{"href":"https:\/\/ghatapartments.com\/ca\/wp-json\/wp\/v2\/media?parent=17254"}],"curies":[{"name":"wp","href":"https:\/\/api.w.org\/{rel}","templated":true}]}}